{"id":4182,"date":"2025-07-01T02:32:02","date_gmt":"2025-07-01T06:32:02","guid":{"rendered":"https:\/\/escueladesaludhsp.com\/?page_id=4182"},"modified":"2026-03-02T19:22:06","modified_gmt":"2026-03-02T23:22:06","slug":"calendario-academico","status":"publish","type":"page","link":"https:\/\/escueladesaludhsp.com\/?page_id=4182","title":{"rendered":"Calendario Acad\u00e9mico"},"content":{"rendered":"\t\t<div data-elementor-type=\"wp-post\" data-elementor-id=\"4182\" class=\"elementor elementor-4182\">\n\t\t\t\t\t\t<section class=\"elementor-section elementor-top-section elementor-element elementor-element-51b5fb0 elementor-section-stretched elementor-section-boxed elementor-section-height-default elementor-section-height-default\" data-id=\"51b5fb0\" data-element_type=\"section\" data-settings=\"{&quot;stretch_section&quot;:&quot;section-stretched&quot;}\">\n\t\t\t\t\t\t<div class=\"elementor-container elementor-column-gap-extended\">\n\t\t\t\t\t<div class=\"elementor-column elementor-col-100 elementor-top-column elementor-element elementor-element-371e747\" data-id=\"371e747\" data-element_type=\"column\">\n\t\t\t<div class=\"elementor-widget-wrap elementor-element-populated\">\n\t\t\t\t\t\t<div class=\"elementor-element elementor-element-9846b30 elementor-widget elementor-widget-edumy_heading\" data-id=\"9846b30\" data-element_type=\"widget\" data-widget_type=\"edumy_heading.default\">\n\t\t\t\t<div class=\"elementor-widget-container\">\n\t\t\t\t\t<h2 class=\"edumy-heading-title edumy-size-default\">Calendario Acad\u00e9mico<\/h2>\t\t\t\t<\/div>\n\t\t\t\t<\/div>\n\t\t\t\t<div class=\"elementor-element elementor-element-e6d78db elementor-widget elementor-widget-text-editor\" data-id=\"e6d78db\" data-element_type=\"widget\" data-widget_type=\"text-editor.default\">\n\t\t\t\t\t\t\t\t\t<p><a href=\"https:\/\/escueladesaludhsp.com\/wp-content\/uploads\/2026\/03\/Calendario-Academico-2025-2026-Segundo-Termino-Enero-abril-2026.docx\">\u00a0<\/a>El a\u00f1o acad\u00e9mico comienza la primera semana de septiembre. El calendario acad\u00e9mico se divide en tres trimestres de quince semanas <strong>(15 semanas)<\/strong>. Se espera que los estudiantes se matriculen en los tres trimestres regulares para mantener su progreso y cumplir con las expectativas acad\u00e9micas. \u00a0\u00a0 \u00a0\u00a0 \u00a0\u00a0 \u00a0\u00a0 \u00a0\u00a0 \u00a0\u00a0 \u00a0\u00a0 \u00a0 <strong><a href=\"https:\/\/escueladesaludhsp.com\/wp-content\/uploads\/2026\/03\/Calendario-Academico-2025-2026-Segundo-Termino-Enero-abril-2026-pdf.pdf\">Calendario Acad\u00e9mico 2025-2026 Segundo T\u00e9rmino Enero-abril 2026 v.revisada<\/a><\/strong><\/p>\t\t\t\t\t\t\t\t<\/div>\n\t\t\t\t\t<\/div>\n\t\t<\/div>\n\t\t\t\t\t<\/div>\n\t\t<\/section>\n\t\t<div class=\"elementor-element elementor-element-fc9bf0d e-flex e-con-boxed e-con e-parent\" data-id=\"fc9bf0d\" data-element_type=\"container\">\n\t\t\t\t\t<div class=\"e-con-inner\">\n\t\t\t\t<div class=\"elementor-element elementor-element-07a5f18 elementor-widget elementor-widget-html\" data-id=\"07a5f18\" data-element_type=\"widget\" data-widget_type=\"html.default\">\n\t\t\t\t\t<style scoped> iframe[data-tec-events-ece-iframe=\"true\"] { width: 100%; height: calc( 100vw + 100px ); max-width: 100%; } @media screen and (min-width: 600px) { iframe[data-tec-events-ece-iframe=\"true\"] { height: 100vw; } } @media screen and (min-width: 853px) { iframe[data-tec-events-ece-iframe=\"true\"] { height: 1065px; } } <\/style> <iframe data-tec-events-ece-iframe=\"true\" src=\"https:\/\/escueladesaludhsp.com\/?tec_calendar_embed=CgawGVhGow9&embed=true\" frameborder=\"0\" ><\/iframe>\t\t\t\t<\/div>\n\t\t\t\t\t<\/div>\n\t\t\t\t<\/div>\n\t\t\t\t<section class=\"elementor-section elementor-top-section elementor-element elementor-element-4e7ca82 elementor-section-stretched elementor-section-full_width elementor-section-height-default elementor-section-height-default\" data-id=\"4e7ca82\" data-element_type=\"section\" data-settings=\"{&quot;stretch_section&quot;:&quot;section-stretched&quot;,&quot;background_background&quot;:&quot;classic&quot;}\">\n\t\t\t\t\t\t\t<div class=\"elementor-background-overlay\"><\/div>\n\t\t\t\t\t\t\t<div class=\"elementor-container elementor-column-gap-extended\">\n\t\t\t\t\t<div class=\"elementor-column elementor-col-100 elementor-top-column elementor-element elementor-element-1a2b129\" data-id=\"1a2b129\" data-element_type=\"column\">\n\t\t\t<div class=\"elementor-widget-wrap elementor-element-populated\">\n\t\t\t\t\t\t<div class=\"elementor-element elementor-element-40d100f elementor-widget elementor-widget-edumy_heading\" data-id=\"40d100f\" data-element_type=\"widget\" data-widget_type=\"edumy_heading.default\">\n\t\t\t\t<div class=\"elementor-widget-container\">\n\t\t\t\t\t<h2 class=\"edumy-heading-title edumy-size-default\">Mejora tus habilidades con <\/br>\nlos mejores cursos pr\u00e1cticos<\/h2>\t\t\t\t<\/div>\n\t\t\t\t<\/div>\n\t\t\t\t<div class=\"elementor-element elementor-element-393f7e2 elementor-align-center btn-outline elementor-widget elementor-widget-button\" data-id=\"393f7e2\" data-element_type=\"widget\" data-widget_type=\"button.default\">\n\t\t\t\t\t\t\t\t\t\t<a class=\"elementor-button elementor-button-link elementor-size-md\" href=\"https:\/\/escueladesaludhsp.com\/?page_id=4070\">\n\t\t\t\t\t\t<span class=\"elementor-button-content-wrapper\">\n\t\t\t\t\t\t\t\t\t<span class=\"elementor-button-text\">Comienza Ahora<\/span>\n\t\t\t\t\t<\/span>\n\t\t\t\t\t<\/a>\n\t\t\t\t\t\t\t\t<\/div>\n\t\t\t\t\t<\/div>\n\t\t<\/div>\n\t\t\t\t\t<\/div>\n\t\t<\/section>\n\t\t\t\t<\/div>\n\t\t","protected":false},"excerpt":{"rendered":"<p>Calendario Acad\u00e9mico \u00a0El a\u00f1o acad\u00e9mico comienza la primera semana de septiembre. El calendario acad\u00e9mico se divide en tres trimestres de quince semanas (15 semanas). Se espera que los estudiantes se &hellip; <br \/><a href=\"https:\/\/escueladesaludhsp.com\/?page_id=4182\" class=\"more-link\">Continue reading <span class=\"screen-reader-text\">Calendario Acad\u00e9mico<\/span><\/a><\/p>\n","protected":false},"author":1,"featured_media":0,"parent":0,"menu_order":0,"comment_status":"closed","ping_status":"closed","template":"","meta":{"footnotes":""},"class_list":["post-4182","page","type-page","status-publish","hentry"],"_links":{"self":[{"href":"https:\/\/escueladesaludhsp.com\/index.php?rest_route=\/wp\/v2\/pages\/4182","targetHints":{"allow":["GET"]}}],"collection":[{"href":"https:\/\/escueladesaludhsp.com\/index.php?rest_route=\/wp\/v2\/pages"}],"about":[{"href":"https:\/\/escueladesaludhsp.com\/index.php?rest_route=\/wp\/v2\/types\/page"}],"author":[{"embeddable":true,"href":"https:\/\/escueladesaludhsp.com\/index.php?rest_route=\/wp\/v2\/users\/1"}],"replies":[{"embeddable":true,"href":"https:\/\/escueladesaludhsp.com\/index.php?rest_route=%2Fwp%2Fv2%2Fcomments&post=4182"}],"version-history":[{"count":19,"href":"https:\/\/escueladesaludhsp.com\/index.php?rest_route=\/wp\/v2\/pages\/4182\/revisions"}],"predecessor-version":[{"id":4510,"href":"https:\/\/escueladesaludhsp.com\/index.php?rest_route=\/wp\/v2\/pages\/4182\/revisions\/4510"}],"wp:attachment":[{"href":"https:\/\/escueladesaludhsp.com\/index.php?rest_route=%2Fwp%2Fv2%2Fmedia&parent=4182"}],"curies":[{"name":"wp","href":"https:\/\/api.w.org\/{rel}","templated":true}]}}